{"id":5344,"date":"2019-04-24T00:20:22","date_gmt":"2019-04-24T00:20:22","guid":{"rendered":"http:\/\/visiones.org\/teilnehmer-feedback"},"modified":"2019-04-24T00:20:22","modified_gmt":"2019-04-24T00:20:22","slug":"teilnehmer-feedback","status":"publish","type":"page","link":"https:\/\/visiones.org\/de\/teilnehmer-feedback","title":{"rendered":"Teilnehmer Feedback"},"content":{"rendered":"<p>[et_pb_section fb_built=&#8221;1&#8243; admin_label=&#8221;section&#8221; _builder_version=&#8221;3.0.74&#8243; background_color=&#8221;rgba(255,255,255,0)&#8221; custom_padding=&#8221;69px|0px|19px|0px|false|false&#8221; transparent_background=&#8221;on&#8221;][et_pb_row custom_padding=&#8221;50px|0px|0|1px|false|false&#8221; admin_label=&#8221;row&#8221; _builder_version=&#8221;3.0.47&#8243; background_size=&#8221;initial&#8221; background_position=&#8221;top_left&#8221; background_repeat=&#8221;repeat&#8221;][et_pb_column type=&#8221;4_4&#8243; _builder_version=&#8221;3.0.47&#8243;][et_pb_text _builder_version=&#8221;3.21.4&#8243; header_3_font=&#8221;|600|||||||&#8221; header_3_font_size=&#8221;30px&#8221; custom_margin=&#8221;||4px&#8221;]<\/p>\n<div class=\"et_pb_text_inner\">\n<h3 style=\"text-align: center;\"><strong>Teilnehmer Feedback<\/strong><\/h3>\n<\/div>\n<p>[\/et_pb_text][et_pb_divider _builder_version=&#8221;3.21.4&#8243; module_alignment=&#8221;center&#8221; custom_margin=&#8221;||7px&#8221;][\/et_pb_divider][et_pb_testimonial author=&#8221;Tabea aus Berlin&#8221; job_title=&#8221;Teilnehmer Polen Retreat&#8221; _builder_version=&#8221;3.21.4&#8243; locked=&#8221;off&#8221; use_background_color_gradient=&#8221;on&#8221; background_color_gradient_start=&#8221;rgba(131,0,233,0.37)&#8221; background_color_gradient_end=&#8221;rgba(12,113,195,0.39)&#8221;]<\/p>\n<p>Liebe Desir\u00e9e, lieber Markus,<\/p>\n<p>ich wollte euch gerne ein Feedback geben und mich bei euch und bei Inkanima f\u00fcr das Retreat in Polen bedanken.<\/p>\n<p>Es war eine sehr besondere Erfahrung f\u00fcr mich, die sehr gut in meine pers\u00f6nliche Phase der Entwicklung hineingepasst hat. Zum einen hat es die spirituelle oder Herzens\u00f6ffnung, die ich in den letzten sechs Monaten erlebt habe, erheblich unterst\u00fctzt und weitergef\u00f6rdert. Zum\u00a0anderen habe ich auf der Ebene der\u00a0normalen Alltagswelt eine tiefe Heilung erfahren, die mich wieder in eine\u00a0emotionale\u00a0Unabh\u00e4ngigkeit und\u00a0Autonomie hineingef\u00fchrt hat. Ich freue mich \u00fcber dieses Gef\u00fchl des eigenen Mutes und der\u00a0Freiheit, mit dem ich der Zukunft momentan sehr freudig, friedlich, aufgeschlossen und tief entspannt entgegensehe.<\/p>\n<p>Auch bin ich fasziniert von dem, was in den Zeremonien geschehen ist. Es f\u00fchlt sich so an, als w\u00e4re in uns ein Grundton der Liebe hineingesetzt oder angestimmt worden. Diese tiefe Schwingung konnte ich in den Tagen, die ich im Anschluss in der Natur verbracht habe sehr deutlich sp\u00fcren. Auch hat Inkanima mit seinem Gesang sowie ihr\u00a0beide all meine Tr\u00e4nen des letzten halben Jahres\u00a0in ein sanftes Lachen zur\u00fcckverwandelt. Ich f\u00fchle ein\u00a0inneres L\u00e4cheln in mir, das noch bis heute anh\u00e4lt und f\u00fchlbar zu meiner eigentlichen freudvollen Grundschwingung geh\u00f6rt.\u00a0Es ist eine Heilung auf allertiefster Ebene erfolgt!<\/p>\n<p>Auch war der letzte Abend f\u00fcr die Integration meiner w\u00e4rend der ersten beiden Zeremonien\u00e4chte\u00a0erlebten Eindr\u00fccke und Gef\u00fchle sehr wichtig und bietet mir bis heute eine wertvolle St\u00fctze, um eine Br\u00fccke in den Alltag aufzubauen. Ich habe zwar das Gef\u00fchl, dass es bei mir trotz allem kosmischen und Verbundenheitsgef\u00fchl einige Projektionen gab, aber das\u00a0vieles von dem dennoch keine pure Einbildung war. Die Wahrheit liegt wahrscheinlich &#8211; wie du, Desir\u00e9e schon gesagt hast &#8211;\u00a0hinter den Bildern und Illusionen. Auf jeden Fall ist mein Vertrauen in das Universum weiter, vielleicht sogar unumst\u00f6\u00dflich, gefestigt worden. Es bleibt auf jeden Fall noch ein Weg der eigenen Herz\u00f6ffnung zu gehen und ich bin an diesem Thema meditierend, atmend und \u00fcbend dran. Ein Teil von mir ist auch da angekommen, aber eine Dialektik rei\u00dft mich immer wieder raus und verhindert das Vertiefen meines Vertrauens in diese Urverbundenheit. Auf jeden Fall hat meine spirituelle Praxis, vor allem im Tai Chi, eine neue Lebendigkeit erfahren, die ich in meinem Gef\u00fchl f\u00fcr die Bewegung wahrnehme und sich in mir immer mehr als eine Verbbundenheit mit der Kraft des Universums ausdr\u00fccken m\u00f6chte.<\/p>\n<p>Das Retreat hat mir wirklich einen Boost gegeben, der nicht nur hei\u00dfe Luft ist, sondern\u00a0den ich in meine pers\u00f6nliche Praxis und mein Leben\u00a0integrieren kann.<\/p>\n<p>Ich bin tief getroffen von eurer Arbeit und tief dankbar.<br \/> Seid herzlich vom mir gegr\u00fc\u00dft!\u00a0Bis vielleicht und hoffentlich bald!<\/p>\n<p>Tabea<\/p>\n<p>[\/et_pb_testimonial][et_pb_divider _builder_version=&#8221;3.21.4&#8243; module_alignment=&#8221;center&#8221; custom_margin=&#8221;||7px&#8221;][\/et_pb_divider][et_pb_testimonial author=&#8221;Ula aus Edinburgh&#8221; job_title=&#8221;Teilnehmer Berlin Retreat&#8221; _builder_version=&#8221;3.21.4&#8243; box_shadow_position=&#8221;outer&#8221; locked=&#8221;off&#8221; use_background_color_gradient=&#8221;on&#8221; background_color_gradient_start=&#8221;rgba(131,0,233,0.37)&#8221; background_color_gradient_end=&#8221;rgba(12,113,195,0.39)&#8221;]<\/p>\n<p>I feel so happy and light.<\/p>\n<p>I came on Thursday carrying a burden for last few months and it melted away. I feel so grateful and admire what you guys offer to people. Gift of healing. I can&#8217;t think anything more valuable than this in our times. I will work with you guys in the future. I deeply admire the freedom you offer to us, I feel I can navigate my own process. You guys hold the space where I feel safe. I can&#8217;t thank you guys enough.<\/p>\n<p>[\/et_pb_testimonial][et_pb_divider _builder_version=&#8221;3.21.4&#8243; module_alignment=&#8221;center&#8221; custom_margin=&#8221;||7px&#8221;][\/et_pb_divider][\/et_pb_column][\/et_pb_row][\/et_pb_section][et_pb_section fb_built=&#8221;1&#8243; admin_label=&#8221;section&#8221; _builder_version=&#8221;3.0.74&#8243; background_color=&#8221;rgba(255,255,255,0)&#8221; transparent_background=&#8221;on&#8221;][\/et_pb_section]<\/p>\n","protected":false},"excerpt":{"rendered":"<p>Teilnehmer Feedback Liebe Desir\u00e9e, lieber Markus, ich wollte euch gerne ein Feedback geben und mich bei euch und bei Inkanima f\u00fcr das Retreat in Polen bedanken. Es war eine sehr besondere Erfahrung f\u00fcr mich, die sehr gut in meine pers\u00f6nliche Phase der Entwicklung hineingepasst hat. Zum einen hat es die spirituelle oder Herzens\u00f6ffnung, die ich [&hellip;]<\/p>\n","protected":false},"author":1,"featured_media":0,"parent":0,"menu_order":0,"comment_status":"closed","ping_status":"closed","template":"","meta":{"_et_pb_use_builder":"on","_et_pb_old_content":"","_et_gb_content_width":"","footnotes":""},"class_list":["post-5344","page","type-page","status-publish","hentry"],"aioseo_notices":[],"_links":{"self":[{"href":"https:\/\/visiones.org\/de\/wp-json\/wp\/v2\/pages\/5344","targetHints":{"allow":["GET"]}}],"collection":[{"href":"https:\/\/visiones.org\/de\/wp-json\/wp\/v2\/pages"}],"about":[{"href":"https:\/\/visiones.org\/de\/wp-json\/wp\/v2\/types\/page"}],"author":[{"embeddable":true,"href":"https:\/\/visiones.org\/de\/wp-json\/wp\/v2\/users\/1"}],"replies":[{"embeddable":true,"href":"https:\/\/visiones.org\/de\/wp-json\/wp\/v2\/comments?post=5344"}],"version-history":[{"count":1,"href":"https:\/\/visiones.org\/de\/wp-json\/wp\/v2\/pages\/5344\/revisions"}],"predecessor-version":[{"id":5345,"href":"https:\/\/visiones.org\/de\/wp-json\/wp\/v2\/pages\/5344\/revisions\/5345"}],"wp:attachment":[{"href":"https:\/\/visiones.org\/de\/wp-json\/wp\/v2\/media?parent=5344"}],"curies":[{"name":"wp","href":"https:\/\/api.w.org\/{rel}","templated":true}]}}